{"id":8323,"date":"2022-04-27T10:32:54","date_gmt":"2022-04-27T08:32:54","guid":{"rendered":"http:\/\/campingtelis.com\/dove-siamo\/"},"modified":"2023-05-22T17:43:40","modified_gmt":"2023-05-22T15:43:40","slug":"campingdorf-arbatax-sardinien","status":"publish","type":"page","link":"https:\/\/campingtelis.com\/de\/campingdorf-arbatax-sardinien\/","title":{"rendered":"Wo sind wir"},"content":{"rendered":"<p><div class=\"fusion-fullwidth fullwidth-box fusion-builder-row-1 fusion-flex-container banner nonhundred-percent-fullwidth non-hundred-percent-height-scrolling\" style=\"--awb-border-radius-top-left:0px;--awb-border-radius-top-right:0px;--awb-border-radius-bottom-right:0px;--awb-border-radius-bottom-left:0px;--awb-padding-top:0px;--awb-padding-right:0px;--awb-padding-bottom:0px;--awb-padding-left:0px;--awb-margin-top:0px;--awb-margin-bottom:0px;--awb-flex-wrap:wrap;\" ><div class=\"fusion-builder-row fusion-row fusion-flex-align-items-flex-start fusion-flex-content-wrap\" style=\"max-width:104%;margin-left: calc(-4% \/ 2 );margin-right: calc(-4% \/ 2 );\"><div class=\"fusion-layout-column fusion_builder_column fusion-builder-column-0 fusion_builder_column_1_1 1_1 fusion-flex-column\" style=\"--awb-bg-size:cover;--awb-width-large:100%;--awb-margin-top-large:0px;--awb-spacing-right-large:0px;--awb-margin-bottom-large:20px;--awb-spacing-left-large:0px;--awb-width-medium:100%;--awb-order-medium:0;--awb-spacing-right-medium:0px;--awb-spacing-left-medium:0px;--awb-width-small:100%;--awb-order-small:0;--awb-spacing-right-small:0px;--awb-spacing-left-small:0px;\"><div class=\"fusion-column-wrapper fusion-column-has-shadow fusion-flex-justify-content-flex-start fusion-content-layout-column\"><div class=\"fusion-image-element \" style=\"--awb-caption-title-font-family:var(--h2_typography-font-family);--awb-caption-title-font-weight:var(--h2_typography-font-weight);--awb-caption-title-font-style:var(--h2_typography-font-style);--awb-caption-title-size:var(--h2_typography-font-size);--awb-caption-title-transform:var(--h2_typography-text-transform);--awb-caption-title-line-height:var(--h2_typography-line-height);--awb-caption-title-letter-spacing:var(--h2_typography-letter-spacing);\"><span class=\" fusion-imageframe imageframe-none imageframe-1 hover-type-none\"><img decoding=\"async\" width=\"2000\" height=\"500\" title=\"banner-dove-siamo\" src=\"http:\/\/campingtelis.com\/wp-content\/uploads\/2022\/05\/banner-dove-siamo.jpg\" alt class=\"img-responsive wp-image-7441\" srcset=\"https:\/\/campingtelis.com\/wp-content\/uploads\/2022\/05\/banner-dove-siamo-200x50.jpg 200w, https:\/\/campingtelis.com\/wp-content\/uploads\/2022\/05\/banner-dove-siamo-400x100.jpg 400w, https:\/\/campingtelis.com\/wp-content\/uploads\/2022\/05\/banner-dove-siamo-600x150.jpg 600w, https:\/\/campingtelis.com\/wp-content\/uploads\/2022\/05\/banner-dove-siamo-800x200.jpg 800w, https:\/\/campingtelis.com\/wp-content\/uploads\/2022\/05\/banner-dove-siamo-1200x300.jpg 1200w, https:\/\/campingtelis.com\/wp-content\/uploads\/2022\/05\/banner-dove-siamo.jpg 2000w\" sizes=\"(max-width: 640px) 100vw, 2000px\" \/><\/span><\/div><div class=\"fusion-text fusion-text-1 banner__info\" style=\"--awb-text-transform:none;\"><h1>CAMPINGDORF UND URLAUBSZENTRUM<\/h1>\n<h2>Wir warten Sie in Camping Village Telis<\/h2>\n<\/div><\/div><\/div><\/div><\/div><div class=\"fusion-fullwidth fullwidth-box fusion-builder-row-2 fusion-flex-container nonhundred-percent-fullwidth non-hundred-percent-height-scrolling\" style=\"--awb-border-radius-top-left:0px;--awb-border-radius-top-right:0px;--awb-border-radius-bottom-right:0px;--awb-border-radius-bottom-left:0px;--awb-padding-top:2rem;--awb-padding-bottom:2rem;--awb-background-color:#f9f9f9;--awb-flex-wrap:wrap;\" ><div class=\"fusion-builder-row fusion-row fusion-flex-align-items-flex-start fusion-flex-content-wrap\" style=\"max-width:104%;margin-left: calc(-4% \/ 2 );margin-right: calc(-4% \/ 2 );\"><div class=\"fusion-layout-column fusion_builder_column fusion-builder-column-1 fusion_builder_column_1_1 1_1 fusion-flex-column\" style=\"--awb-padding-right:15rem;--awb-padding-left:15rem;--awb-padding-right-small:1.5rem;--awb-padding-left-small:1.5rem;--awb-bg-size:cover;--awb-width-large:100%;--awb-margin-top-large:0px;--awb-spacing-right-large:0px;--awb-margin-bottom-large:0px;--awb-spacing-left-large:0px;--awb-width-medium:100%;--awb-order-medium:0;--awb-spacing-right-medium:0px;--awb-spacing-left-medium:0px;--awb-width-small:100%;--awb-order-small:0;--awb-spacing-right-small:0px;--awb-spacing-left-small:0px;\"><div class=\"fusion-column-wrapper fusion-column-has-shadow fusion-flex-justify-content-flex-start fusion-content-layout-column\"><nav class=\"fusion-breadcrumbs fusion-breadcrumbs-1\" style=\"--awb-breadcrumb-sep:&#039;\/&#039;;\" aria-label=\"Breadcrumb\"><ol class=\"awb-breadcrumb-list\"><li class=\"fusion-breadcrumb-item awb-breadcrumb-sep\" ><a href=\"https:\/\/campingtelis.com\/de\/\" class=\"fusion-breadcrumb-link\"><span >Home<\/span><\/a><\/li><\/ol><\/nav><\/div><\/div><\/div><\/div><div class=\"fusion-fullwidth fullwidth-box fusion-builder-row-3 fusion-flex-container nonhundred-percent-fullwidth non-hundred-percent-height-scrolling\" style=\"--awb-border-radius-top-left:0px;--awb-border-radius-top-right:0px;--awb-border-radius-bottom-right:0px;--awb-border-radius-bottom-left:0px;--awb-padding-top:8rem;--awb-padding-right:30rem;--awb-padding-left:30rem;--awb-padding-top-medium:3rem;--awb-padding-right-medium:5rem;--awb-padding-left-medium:5rem;--awb-padding-top-small:2rem;--awb-padding-right-small:1.5rem;--awb-padding-left-small:1.5rem;--awb-flex-wrap:wrap;\" ><div class=\"fusion-builder-row fusion-row fusion-flex-align-items-flex-start fusion-flex-content-wrap\" style=\"max-width:104%;margin-left: calc(-4% \/ 2 );margin-right: calc(-4% \/ 2 );\"><div class=\"fusion-layout-column fusion_builder_column fusion-builder-column-2 fusion_builder_column_1_1 1_1 fusion-flex-column\" style=\"--awb-bg-size:cover;--awb-width-large:100%;--awb-margin-top-large:0px;--awb-spacing-right-large:1.92%;--awb-margin-bottom-large:20px;--awb-spacing-left-large:1.92%;--awb-width-medium:100%;--awb-order-medium:0;--awb-spacing-right-medium:1.92%;--awb-spacing-left-medium:1.92%;--awb-width-small:100%;--awb-order-small:0;--awb-spacing-right-small:0px;--awb-spacing-left-small:0px;\"><div class=\"fusion-column-wrapper fusion-column-has-shadow fusion-flex-justify-content-flex-start fusion-content-layout-column\"><div class=\"fusion-text fusion-text-2\" style=\"--awb-text-transform:none;\"><h1 class=\"com-typo__title\" style=\"text-align: center;\">Wo wir sind<\/h1>\n<p class=\"com-typo__text-block\" style=\"text-align: center;\">In der wundersch\u00f6nen Bucht von Porto Frailis gelegen, verf\u00fcgt der Campingplatz Telis \u00fcber Stellpl\u00e4tzen auf Terrassen an einem der sch\u00f6nsten Meere Italiens.<br \/>\nMItten im Gr\u00fcn der Eukalyptusb\u00e4ume und der Mimosen, umgeben von einer herrlichen Berglandschaft und der typischen mediterranen Macchia, bewahrt der Campingplatz Telis den ganz besonderen Wert der Inselbewohner: die herzliche Gastfreundschaft der Sarden.<br \/>\nIm Zentrum der Landschaft von Ogliastra ist er der ideale Ausgangspunkt f\u00fcr Ausfl\u00fcge ins Hinterland, das reich an Berg- und Meereslandschaften , Folklore und arch\u00e4ologischen St\u00e4tten, Meerensfauna f\u00fcr die Liebhaber der Unterwasserfischerei und unvorstellbaren Meereslandschaften f\u00fcr Liebhaber der Fotografie.<br \/>\nGPS-Koordinaten: 39.924852, 9.707140<\/p>\n<\/div><\/div><\/div><\/div><\/div><div class=\"fusion-fullwidth fullwidth-box fusion-builder-row-4 fusion-flex-container nonhundred-percent-fullwidth non-hundred-percent-height-scrolling\" style=\"--awb-border-radius-top-left:0px;--awb-border-radius-top-right:0px;--awb-border-radius-bottom-right:0px;--awb-border-radius-bottom-left:0px;--awb-padding-top:8rem;--awb-padding-right:13rem;--awb-padding-left:13rem;--awb-padding-right-medium:5rem;--awb-padding-left-medium:5rem;--awb-padding-right-small:1.5rem;--awb-padding-left-small:1.5rem;--awb-flex-wrap:wrap;\" ><div class=\"fusion-builder-row fusion-row fusion-flex-align-items-flex-start fusion-flex-content-wrap\" style=\"max-width:104%;margin-left: calc(-4% \/ 2 );margin-right: calc(-4% \/ 2 );\"><div class=\"fusion-layout-column fusion_builder_column fusion-builder-column-3 fusion_builder_column_1_1 1_1 fusion-flex-column\" style=\"--awb-bg-size:cover;--awb-width-large:100%;--awb-margin-top-large:0px;--awb-spacing-right-large:1.92%;--awb-margin-bottom-large:20px;--awb-spacing-left-large:1.92%;--awb-width-medium:100%;--awb-order-medium:0;--awb-spacing-right-medium:0px;--awb-spacing-left-medium:0px;--awb-width-small:100%;--awb-order-small:0;--awb-spacing-right-small:1.92%;--awb-spacing-left-small:1.92%;\"><div class=\"fusion-column-wrapper fusion-column-has-shadow fusion-flex-justify-content-flex-start fusion-content-layout-column\"><div class=\"fusion-tabs fusion-tabs-1 classic nav-is-justified horizontal-tabs icon-position-left mobile-mode-accordion\" style=\"--awb-title-border-radius-top-left:0px;--awb-title-border-radius-top-right:0px;--awb-title-border-radius-bottom-right:0px;--awb-title-border-radius-bottom-left:0px;--awb-inactive-color:#ffffff;--awb-background-color:#fafafb;--awb-border-color:#ffffff;--awb-active-border-color:var(--awb-color6);\"><div class=\"nav\"><ul class=\"nav-tabs nav-justified\" role=\"tablist\"><li class=\"active\" role=\"presentation\"><a class=\"tab-link\" data-toggle=\"tab\" role=\"tab\" aria-controls=\"tab-2087fd5d1f2c6ca09b8\" aria-selected=\"true\" id=\"fusion-tab-schiffsverbindungen\" href=\"#tab-2087fd5d1f2c6ca09b8\"><h4 class=\"fusion-tab-heading\">Schiffsverbindungen<\/h4><\/a><\/li><li role=\"presentation\"><a class=\"tab-link\" data-toggle=\"tab\" role=\"tab\" aria-controls=\"tab-29431a0917650e1b070\" aria-selected=\"false\" tabindex=\"-1\" id=\"fusion-tab-flugverbindungen\" href=\"#tab-29431a0917650e1b070\"><h4 class=\"fusion-tab-heading\">Flugverbindungen<\/h4><\/a><\/li><li role=\"presentation\"><a class=\"tab-link\" data-toggle=\"tab\" role=\"tab\" aria-controls=\"tab-3954ee7f42894d50e2a\" aria-selected=\"false\" tabindex=\"-1\" id=\"fusion-tab-stra\u00dfenverbindungen\" href=\"#tab-3954ee7f42894d50e2a\"><h4 class=\"fusion-tab-heading\">Stra\u00dfenverbindungen<\/h4><\/a><\/li><\/ul><\/div><div class=\"tab-content\"><div class=\"nav fusion-mobile-tab-nav\"><ul class=\"nav-tabs nav-justified\" role=\"tablist\"><li class=\"active\" role=\"presentation\"><a class=\"tab-link\" data-toggle=\"tab\" role=\"tab\" aria-controls=\"tab-2087fd5d1f2c6ca09b8\" aria-selected=\"true\" id=\"mobile-fusion-tab-schiffsverbindungen\" href=\"#tab-2087fd5d1f2c6ca09b8\"><h4 class=\"fusion-tab-heading\">Schiffsverbindungen<\/h4><\/a><\/li><\/ul><\/div><div class=\"tab-pane fade fusion-clearfix in active\" role=\"tabpanel\" tabindex=\"0\" aria-labelledby=\"fusion-tab-schiffsverbindungen\" id=\"tab-2087fd5d1f2c6ca09b8\">\n<p>Genua &#8211; Arbatax (Montag und Freitag) Arbatax &#8211; Genua (Dienstag und Samstag)<br \/>\nCivitavecchia &#8211; Arbatax (Mittwoch und Freitag) Arbatax &#8211; Civitavecchia (Mittwoch und Sonntag)<br \/>\nGenua &#8211; Olbia (t\u00e4glich)<br \/>\nCivitavecchia &#8211; Olbia (t\u00e4glich)<br \/>\nLivorno &#8211; Golfo Aranci (t\u00e4glich)<\/p>\n<\/div><div class=\"nav fusion-mobile-tab-nav\"><ul class=\"nav-tabs nav-justified\" role=\"tablist\"><li role=\"presentation\"><a class=\"tab-link\" data-toggle=\"tab\" role=\"tab\" aria-controls=\"tab-29431a0917650e1b070\" aria-selected=\"false\" tabindex=\"-1\" id=\"mobile-fusion-tab-flugverbindungen\" href=\"#tab-29431a0917650e1b070\"><h4 class=\"fusion-tab-heading\">Flugverbindungen<\/h4><\/a><\/li><\/ul><\/div><div class=\"tab-pane fade fusion-clearfix\" role=\"tabpanel\" tabindex=\"0\" aria-labelledby=\"fusion-tab-flugverbindungen\" id=\"tab-29431a0917650e1b070\">\n<p>Flughafen Cagliari Elmas, 144 km<br \/>\nFlughafen Olbia Costa Smeralda, 184 km<br \/>\nFlughafen Alghero Fertilia, 220 km<\/p>\n<\/div><div class=\"nav fusion-mobile-tab-nav\"><ul class=\"nav-tabs nav-justified\" role=\"tablist\"><li role=\"presentation\"><a class=\"tab-link\" data-toggle=\"tab\" role=\"tab\" aria-controls=\"tab-3954ee7f42894d50e2a\" aria-selected=\"false\" tabindex=\"-1\" id=\"mobile-fusion-tab-stra\u00dfenverbindungen\" href=\"#tab-3954ee7f42894d50e2a\"><h4 class=\"fusion-tab-heading\">Stra\u00dfenverbindungen<\/h4><\/a><\/li><\/ul><\/div><div class=\"tab-pane fade fusion-clearfix\" role=\"tabpanel\" tabindex=\"0\" aria-labelledby=\"fusion-tab-stra\u00dfenverbindungen\" id=\"tab-3954ee7f42894d50e2a\">\n<p>F\u00fcr diejenigen, die in Golfo Aranci und Olbia ankommen, der Beschilderung Richtung Nuoro folgen. Von der Ausfahrt Olbia, rechts Richtung Sassari fahren (Anzeige Nuoro 4 Fahrbahnen) mit dem Flughafen auf der linken Seite. Nach circa 1 km nach rechts Richtung Nuoro abbiegen. In Nuoro angekommen, die 2. Ausfahrt nach Nuoro-Krankenhaus nehmen und nach circa hundert Metern nach rechts Richtung Lanusei-Arbatax abbiegen. Circa 55 km von Nuoro entfernt endet die Schnellstra\u00dfe und in der N\u00e4he der Kreuzung nach links Richtung Villagrande-Tortol\u00ec abbiegen (24 km). Am Eingang zu Tortoli circa 3 km Richtung Arbatax fahren und danach rechts abbiegen in Richtung Baia di Portu Frailis.<br \/>\nF\u00fcr diejenigen, die aus Cagliari kommen, der S.S. 125 bis Tortoli folgen. Oristano &#8211; Arbatax (S.S. 131 km. 179) Alghero &#8211; Arbatax (S.S, 131 km. 206)<\/p>\n<\/div><\/div><\/div><\/div><\/div><\/div><\/div><\/p>\n","protected":false},"excerpt":{"rendered":"","protected":false},"author":5,"featured_media":0,"parent":0,"menu_order":0,"comment_status":"closed","ping_status":"closed","template":"","meta":{"footnotes":""},"acf":[],"_links":{"self":[{"href":"https:\/\/campingtelis.com\/de\/wp-json\/wp\/v2\/pages\/8323"}],"collection":[{"href":"https:\/\/campingtelis.com\/de\/wp-json\/wp\/v2\/pages"}],"about":[{"href":"https:\/\/campingtelis.com\/de\/wp-json\/wp\/v2\/types\/page"}],"author":[{"embeddable":true,"href":"https:\/\/campingtelis.com\/de\/wp-json\/wp\/v2\/users\/5"}],"replies":[{"embeddable":true,"href":"https:\/\/campingtelis.com\/de\/wp-json\/wp\/v2\/comments?post=8323"}],"version-history":[{"count":3,"href":"https:\/\/campingtelis.com\/de\/wp-json\/wp\/v2\/pages\/8323\/revisions"}],"predecessor-version":[{"id":8576,"href":"https:\/\/campingtelis.com\/de\/wp-json\/wp\/v2\/pages\/8323\/revisions\/8576"}],"wp:attachment":[{"href":"https:\/\/campingtelis.com\/de\/wp-json\/wp\/v2\/media?parent=8323"}],"curies":[{"name":"wp","href":"https:\/\/api.w.org\/{rel}","templated":true}]}}